{"id":6377,"date":"2023-10-20T13:57:33","date_gmt":"2023-10-20T10:57:33","guid":{"rendered":"https:\/\/www.bmaq.org\/?page_id=6377"},"modified":"2023-12-20T16:55:49","modified_gmt":"2023-12-20T13:55:49","slug":"appel-dalqods-acharif","status":"publish","type":"page","link":"https:\/\/www.bmaq.org\/fr\/la-presidence-du-comite-dalqods\/appel-dalqods-acharif\/","title":{"rendered":"Appel d\u2019Alqods Acharif"},"content":{"rendered":"<p style=\"text-align: right;\"><img loading=\"lazy\" decoding=\"async\" class=\" wp-image-764 aligncenter\" src=\"https:\/\/www.bmaq.org\/wp-content\/uploads\/2023\/11\/thumb-menu07-300x200.jpg\" alt=\"\" width=\"600\" height=\"400\" srcset=\"https:\/\/www.bmaq.org\/wp-content\/uploads\/2023\/11\/thumb-menu07-300x200.jpg 300w, https:\/\/www.bmaq.org\/wp-content\/uploads\/2023\/11\/thumb-menu07.jpg 600w\" sizes=\"auto, (max-width: 600px) 100vw, 600px\" \/><\/p>\n<p><span lang=\"FR\">Le Souverain Amir des Croyants, Sa Majest\u00e9 le Roi Mohammed VI, et Sa Saintet\u00e9 le Pape Fran\u00e7ois ont sign\u00e9 \u00ab\u00a0l&rsquo;Appel d\u2019Alqods\u00a0\u00bb Rabat, le 30 mars 2019<\/span><\/p>\n<p><span lang=\"FR\">Le Souverain Amir des Croyants, Sa Majest\u00e9 le Roi Mohammed VI, Pr\u00e9sident de Comit\u00e9 d\u2019Alqods, accompagn\u00e9 de Son Altesse Royale le Prince H\u00e9ritier Moulay El Hassan et de Son Altesse Royale le Prince Moulay Rachid, ainsi que Sa Saintet\u00e9 le Pape Fran\u00e7ois, ont sign\u00e9 samedi (30 mars 2019) \u00ab\u00a0l&rsquo;Appel d\u2019Alqods \u00a0\u00bb \u00e0 la Salle du Tr\u00f4ne du Palais Royal \u00e0 Rabat. Cet appel vise \u00e0 pr\u00e9server et promouvoir le caract\u00e8re particulier d\u2019Alqods en tant que ville multiconfessionnelle, avec son aspect spirituel unique et son identit\u00e9 distincte en tant que ville sainte.<\/span><\/p>\n<p><span lang=\"FR\">Voici le texte int\u00e9gral de cet appel, lu en arabe par le Secr\u00e9taire G\u00e9n\u00e9ral du Conseil Sup\u00e9rieur des Oul\u00e9mas, Monsieur Mohamed Yassif, et en italien par Monsieur Edgar Pena Parra, Sous-secr\u00e9taire d&rsquo;\u00c9tat pour les Affaires G\u00e9n\u00e9rales du Vatican :<\/span><\/p>\n<p><span lang=\"FR\">\u00ab\u00a0Appel de Sa Majest\u00e9 le Roi Mohammed VI et de Sa Saintet\u00e9 le Pape Fran\u00e7ois sur J\u00e9rusalem en tant que ville sainte et lieu de rencontre<\/span><\/p>\n<p><span lang=\"FR\">A l\u2019occasion de la visite au Royaume du Maroc, Sa Saintet\u00e9 le Pape Fran\u00e7ois et Sa Majest\u00e9 le Roi Mohammed VI, Commandeur des Croyants, reconnaissant l\u2019unicit\u00e9 et la sacralit\u00e9 de J\u00e9rusalem \/ Al Qods Acharif et ayant \u00e0 c\u0153ur sa signification spirituelle et sa vocation particuli\u00e8re de ville de la Paix, partagent l\u2019Appel Suivant :<\/span><\/p>\n<p><span lang=\"FR\">\u00ab\u00a0Nous pensons important de pr\u00e9server la Ville sainte de J\u00e9rusalem \/ Al Qods Acharif comme patrimoine commun de l\u2019humanit\u00e9 et, par-dessus tout pour les fid\u00e8les des trois religions monoth\u00e9istes, comme lieu de rencontre et symbole de coexistence pacifique, o\u00f9 se cultivent le respect r\u00e9ciproque et le dialogue.<\/span><\/p>\n<p><span lang=\"FR\">Dans ce but, doivent \u00eatre conserv\u00e9s et promus le caract\u00e8re sp\u00e9cifique multireligieux, la dimension spirituelle et l\u2019identit\u00e9 particuli\u00e8re de J\u00e9rusalem \/ Al Qods Acharif.<\/span><\/p>\n<p><span lang=\"FR\">Nous souhaitons, par cons\u00e9quent, que dans la ville sainte, soient garantis la pleine libert\u00e9 d\u2019acc\u00e8s aux fid\u00e8les des trois religions monoth\u00e9istes et le droit de chacune d\u2019y exercer son propre culte, de sorte qu\u2019\u00e0 J\u00e9rusalem\/ Al Qods Acharif s\u2019\u00e9l\u00e8ve, de la part de leurs fid\u00e8les, la pri\u00e8re \u00e0 Dieu, Cr\u00e9ateur de tous, pour un avenir de paix et de fraternit\u00e9 sur la terre\u00a0\u00bb.<\/span><\/p>\n","protected":false},"excerpt":{"rendered":"<p>Le Souverain Amir des Croyants, Sa Majest\u00e9 le Roi Mohammed VI, et Sa Saintet\u00e9 le Pape Fran\u00e7ois ont sign\u00e9 \u00ab\u00a0l&rsquo;Appel d\u2019Alqods\u00a0\u00bb Rabat, le 30 mars 2019 Le Souverain Amir des Croyants, Sa Majest\u00e9 le Roi Mohammed VI, Pr\u00e9sident de Comit\u00e9 d\u2019Alqods, accompagn\u00e9 de Son Altesse Royale le Prince H\u00e9ritier Moulay El Hassan et de Son&hellip;<\/p>\n","protected":false},"author":2,"featured_media":0,"parent":6375,"menu_order":0,"comment_status":"closed","ping_status":"closed","template":"","meta":{"inline_featured_image":false,"footnotes":""},"class_list":["post-6377","page","type-page","status-publish","hentry","description-off"],"_links":{"self":[{"href":"https:\/\/www.bmaq.org\/fr\/wp-json\/wp\/v2\/pages\/6377","targetHints":{"allow":["GET"]}}],"collection":[{"href":"https:\/\/www.bmaq.org\/fr\/wp-json\/wp\/v2\/pages"}],"about":[{"href":"https:\/\/www.bmaq.org\/fr\/wp-json\/wp\/v2\/types\/page"}],"author":[{"embeddable":true,"href":"https:\/\/www.bmaq.org\/fr\/wp-json\/wp\/v2\/users\/2"}],"replies":[{"embeddable":true,"href":"https:\/\/www.bmaq.org\/fr\/wp-json\/wp\/v2\/comments?post=6377"}],"version-history":[{"count":1,"href":"https:\/\/www.bmaq.org\/fr\/wp-json\/wp\/v2\/pages\/6377\/revisions"}],"predecessor-version":[{"id":6378,"href":"https:\/\/www.bmaq.org\/fr\/wp-json\/wp\/v2\/pages\/6377\/revisions\/6378"}],"up":[{"embeddable":true,"href":"https:\/\/www.bmaq.org\/fr\/wp-json\/wp\/v2\/pages\/6375"}],"wp:attachment":[{"href":"https:\/\/www.bmaq.org\/fr\/wp-json\/wp\/v2\/media?parent=6377"}],"curies":[{"name":"wp","href":"https:\/\/api.w.org\/{rel}","templated":true}]}}